{"id":82577,"date":"2026-04-28T10:50:24","date_gmt":"2026-04-28T08:50:24","guid":{"rendered":"https:\/\/nubedian.de\/?post_type=tribe_events&#038;p=82577"},"modified":"2026-04-28T11:37:59","modified_gmt":"2026-04-28T09:37:59","slug":"carecm-webinar-grundlagen","status":"publish","type":"tribe_events","link":"https:\/\/nubedian.de\/en\/event\/carecm-webinar-grundlagen\/","title":{"rendered":"CareCM Webinar Grundlagen"},"content":{"rendered":"<p style=\"font-weight: 400;\">Im Rahmen dieser Veranstaltung m\u00f6chten wir Ihnen einige Grundfunktionen von CareCM n\u00e4her vorstellen.<\/p>\n<ul>\n<li style=\"font-weight: 400;\">E-Mail Schnittstelle<\/li>\n<li style=\"font-weight: 400;\">Verkn\u00fcpfungen<\/li>\n<li style=\"font-weight: 400;\">Umgang mit Dokumenten<\/li>\n<li style=\"font-weight: 400;\">Einstellungen auf der Startseite<\/li>\n<\/ul>\n<p style=\"font-weight: 400;\"><strong>Mindestteilnehmerzahl: 6* <\/strong><\/p>\n<p style=\"font-weight: 400;\"><strong>Eine Anmeldung ist bis zum 12.06.2026 m\u00f6glich. <\/strong><\/p>\n<p style=\"font-weight: 400;\">*Sollten sich weniger als 6 Personen zum Webinar registrieren, findet die Veranstaltung nicht statt.<\/p>\n<p><a style=\"text-decoration: none;\" href=\"https:\/\/us06web.zoom.us\/webinar\/register\/WN_VeUVJqjbR2qPCeYFOMe_Nw#\/registration\" target=\"_blank\" rel=\"noopener noreferrer\"><button style=\"background-color: #ff7500; border-radius: 30px; font-size: 15px; color: #ffffff; border: 0px; padding: 12px 49px; cursor: pointer;\"><strong>ZUM CARECM WEBINAR ANMELDEN<\/strong><\/button><\/a><\/p>\n<p>Bei R\u00fcckfragen wenden Sie sich gerne an Frau Heim per E-Mail unter <a href=\"mailto:heim@nubedian.de\">heim@nubedian.de<\/a>.<\/p>","protected":false},"excerpt":{"rendered":"<p>Im Rahmen dieser Veranstaltung m\u00f6chten wir Ihnen einige Grundfunktionen von CareCM n\u00e4her vorstellen. E-Mail Schnittstelle Verkn\u00fcpfungen Umgang mit Dokumenten Einstellungen auf der Startseite Mindestteilnehmerzahl: 6* Eine Anmeldung ist bis zum 12.06.2026 m\u00f6glich. *Sollten sich weniger als 6 Personen zum Webinar registrieren, findet die Veranstaltung nicht statt. ZUM CARECM WEBINAR ANMELDEN  [&#8230;]<\/p>\n","protected":false},"author":12,"featured_media":72911,"template":"","meta":{"_tribe_events_status":"","_tribe_events_status_reason":"","footnotes":""},"tags":[],"tribe_events_cat":[],"class_list":["post-82577","tribe_events","type-tribe_events","status-publish","has-post-thumbnail","hentry"],"yoast_head":"<!-- This site is optimized with the Yoast SEO plugin v27.4 - https:\/\/yoast.com\/product\/yoast-seo-wordpress\/ -->\n<title>CareCM Webinar Grundlagen - nubedian GmbH<\/title>\n<meta name=\"robots\" content=\"noindex, nofollow\" \/>\n<meta property=\"og:locale\" content=\"en_US\" \/>\n<meta property=\"og:type\" content=\"article\" \/>\n<meta property=\"og:title\" content=\"CareCM Webinar Grundlagen - nubedian GmbH\" \/>\n<meta property=\"og:description\" content=\"Im Rahmen dieser Veranstaltung m\u00f6chten wir Ihnen einige Grundfunktionen von CareCM n\u00e4her vorstellen. E-Mail Schnittstelle Verkn\u00fcpfungen Umgang mit Dokumenten Einstellungen auf der Startseite Mindestteilnehmerzahl: 6* Eine Anmeldung ist bis zum 12.06.2026 m\u00f6glich. *Sollten sich weniger als 6 Personen zum Webinar registrieren, findet die Veranstaltung nicht statt. ZUM CARECM WEBINAR ANMELDEN [...]\" \/>\n<meta property=\"og:url\" content=\"https:\/\/nubedian.de\/en\/event\/carecm-webinar-grundlagen\/\" \/>\n<meta property=\"og:site_name\" content=\"nubedian GmbH\" \/>\n<meta property=\"article:publisher\" content=\"https:\/\/www.facebook.com\/nubedian\" \/>\n<meta property=\"article:modified_time\" content=\"2026-04-28T09:37:59+00:00\" \/>\n<meta property=\"og:image\" content=\"https:\/\/nubedian.de\/wp-content\/uploads\/2024\/11\/web_webinar_CareCM-1.png\" \/>\n\t<meta property=\"og:image:width\" content=\"1200\" \/>\n\t<meta property=\"og:image:height\" content=\"630\" \/>\n\t<meta property=\"og:image:type\" content=\"image\/png\" \/>\n<meta name=\"twitter:card\" content=\"summary_large_image\" \/>\n<meta name=\"twitter:label1\" content=\"Est. reading time\" \/>\n\t<meta name=\"twitter:data1\" content=\"1 minute\" \/>\n<script type=\"application\/ld+json\" class=\"yoast-schema-graph\">{\"@context\":\"https:\\\/\\\/schema.org\",\"@graph\":[{\"@type\":\"WebPage\",\"@id\":\"https:\\\/\\\/nubedian.de\\\/en\\\/event\\\/carecm-webinar-grundlagen\\\/\",\"url\":\"https:\\\/\\\/nubedian.de\\\/en\\\/event\\\/carecm-webinar-grundlagen\\\/\",\"name\":\"CareCM Webinar Grundlagen - nubedian GmbH\",\"isPartOf\":{\"@id\":\"https:\\\/\\\/nubedian.de\\\/en\\\/#website\"},\"primaryImageOfPage\":{\"@id\":\"https:\\\/\\\/nubedian.de\\\/en\\\/event\\\/carecm-webinar-grundlagen\\\/#primaryimage\"},\"image\":{\"@id\":\"https:\\\/\\\/nubedian.de\\\/en\\\/event\\\/carecm-webinar-grundlagen\\\/#primaryimage\"},\"thumbnailUrl\":\"https:\\\/\\\/nubedian.de\\\/wp-content\\\/uploads\\\/2024\\\/11\\\/web_webinar_CareCM-1.png\",\"datePublished\":\"2026-04-28T08:50:24+00:00\",\"dateModified\":\"2026-04-28T09:37:59+00:00\",\"breadcrumb\":{\"@id\":\"https:\\\/\\\/nubedian.de\\\/en\\\/event\\\/carecm-webinar-grundlagen\\\/#breadcrumb\"},\"inLanguage\":\"en-US\",\"potentialAction\":[{\"@type\":\"ReadAction\",\"target\":[\"https:\\\/\\\/nubedian.de\\\/en\\\/event\\\/carecm-webinar-grundlagen\\\/\"]}]},{\"@type\":\"ImageObject\",\"inLanguage\":\"en-US\",\"@id\":\"https:\\\/\\\/nubedian.de\\\/en\\\/event\\\/carecm-webinar-grundlagen\\\/#primaryimage\",\"url\":\"https:\\\/\\\/nubedian.de\\\/wp-content\\\/uploads\\\/2024\\\/11\\\/web_webinar_CareCM-1.png\",\"contentUrl\":\"https:\\\/\\\/nubedian.de\\\/wp-content\\\/uploads\\\/2024\\\/11\\\/web_webinar_CareCM-1.png\",\"width\":1200,\"height\":630},{\"@type\":\"BreadcrumbList\",\"@id\":\"https:\\\/\\\/nubedian.de\\\/en\\\/event\\\/carecm-webinar-grundlagen\\\/#breadcrumb\",\"itemListElement\":[{\"@type\":\"ListItem\",\"position\":1,\"name\":\"Home\",\"item\":\"https:\\\/\\\/nubedian.de\\\/en\\\/\"},{\"@type\":\"ListItem\",\"position\":2,\"name\":\"Veranstaltungen\",\"item\":\"https:\\\/\\\/nubedian.de\\\/events\\\/\"},{\"@type\":\"ListItem\",\"position\":3,\"name\":\"CareCM Webinar Grundlagen\"}]},{\"@type\":\"WebSite\",\"@id\":\"https:\\\/\\\/nubedian.de\\\/en\\\/#website\",\"url\":\"https:\\\/\\\/nubedian.de\\\/en\\\/\",\"name\":\"nubedian GmbH\",\"description\":\"Ihr Softwarepartner f\u00fcr das Sozial- &amp; Gesundheitswesen\",\"potentialAction\":[{\"@type\":\"SearchAction\",\"target\":{\"@type\":\"EntryPoint\",\"urlTemplate\":\"https:\\\/\\\/nubedian.de\\\/en\\\/?s={search_term_string}\"},\"query-input\":{\"@type\":\"PropertyValueSpecification\",\"valueRequired\":true,\"valueName\":\"search_term_string\"}}],\"inLanguage\":\"en-US\"}]}<\/script>\n<!-- \/ Yoast SEO plugin. -->","yoast_head_json":{"title":"CareCM Webinar Grundlagen - nubedian GmbH","robots":{"index":"noindex","follow":"nofollow"},"og_locale":"en_US","og_type":"article","og_title":"CareCM Webinar Grundlagen - nubedian GmbH","og_description":"Im Rahmen dieser Veranstaltung m\u00f6chten wir Ihnen einige Grundfunktionen von CareCM n\u00e4her vorstellen. E-Mail Schnittstelle Verkn\u00fcpfungen Umgang mit Dokumenten Einstellungen auf der Startseite Mindestteilnehmerzahl: 6* Eine Anmeldung ist bis zum 12.06.2026 m\u00f6glich. *Sollten sich weniger als 6 Personen zum Webinar registrieren, findet die Veranstaltung nicht statt. ZUM CARECM WEBINAR ANMELDEN [...]","og_url":"https:\/\/nubedian.de\/en\/event\/carecm-webinar-grundlagen\/","og_site_name":"nubedian GmbH","article_publisher":"https:\/\/www.facebook.com\/nubedian","article_modified_time":"2026-04-28T09:37:59+00:00","og_image":[{"width":1200,"height":630,"url":"https:\/\/nubedian.de\/wp-content\/uploads\/2024\/11\/web_webinar_CareCM-1.png","type":"image\/png"}],"twitter_card":"summary_large_image","twitter_misc":{"Est. reading time":"1 minute"},"schema":{"@context":"https:\/\/schema.org","@graph":[{"@type":"WebPage","@id":"https:\/\/nubedian.de\/en\/event\/carecm-webinar-grundlagen\/","url":"https:\/\/nubedian.de\/en\/event\/carecm-webinar-grundlagen\/","name":"CareCM Webinar Grundlagen - nubedian GmbH","isPartOf":{"@id":"https:\/\/nubedian.de\/en\/#website"},"primaryImageOfPage":{"@id":"https:\/\/nubedian.de\/en\/event\/carecm-webinar-grundlagen\/#primaryimage"},"image":{"@id":"https:\/\/nubedian.de\/en\/event\/carecm-webinar-grundlagen\/#primaryimage"},"thumbnailUrl":"https:\/\/nubedian.de\/wp-content\/uploads\/2024\/11\/web_webinar_CareCM-1.png","datePublished":"2026-04-28T08:50:24+00:00","dateModified":"2026-04-28T09:37:59+00:00","breadcrumb":{"@id":"https:\/\/nubedian.de\/en\/event\/carecm-webinar-grundlagen\/#breadcrumb"},"inLanguage":"en-US","potentialAction":[{"@type":"ReadAction","target":["https:\/\/nubedian.de\/en\/event\/carecm-webinar-grundlagen\/"]}]},{"@type":"ImageObject","inLanguage":"en-US","@id":"https:\/\/nubedian.de\/en\/event\/carecm-webinar-grundlagen\/#primaryimage","url":"https:\/\/nubedian.de\/wp-content\/uploads\/2024\/11\/web_webinar_CareCM-1.png","contentUrl":"https:\/\/nubedian.de\/wp-content\/uploads\/2024\/11\/web_webinar_CareCM-1.png","width":1200,"height":630},{"@type":"BreadcrumbList","@id":"https:\/\/nubedian.de\/en\/event\/carecm-webinar-grundlagen\/#breadcrumb","itemListElement":[{"@type":"ListItem","position":1,"name":"Home","item":"https:\/\/nubedian.de\/en\/"},{"@type":"ListItem","position":2,"name":"Veranstaltungen","item":"https:\/\/nubedian.de\/events\/"},{"@type":"ListItem","position":3,"name":"CareCM Webinar Grundlagen"}]},{"@type":"WebSite","@id":"https:\/\/nubedian.de\/en\/#website","url":"https:\/\/nubedian.de\/en\/","name":"nubedian GmbH","description":"Ihr Softwarepartner f\u00fcr das Sozial- &amp; Gesundheitswesen","potentialAction":[{"@type":"SearchAction","target":{"@type":"EntryPoint","urlTemplate":"https:\/\/nubedian.de\/en\/?s={search_term_string}"},"query-input":{"@type":"PropertyValueSpecification","valueRequired":true,"valueName":"search_term_string"}}],"inLanguage":"en-US"}]}},"_links":{"self":[{"href":"https:\/\/nubedian.de\/en\/wp-json\/wp\/v2\/tribe_events\/82577","targetHints":{"allow":["GET"]}}],"collection":[{"href":"https:\/\/nubedian.de\/en\/wp-json\/wp\/v2\/tribe_events"}],"about":[{"href":"https:\/\/nubedian.de\/en\/wp-json\/wp\/v2\/types\/tribe_events"}],"author":[{"embeddable":true,"href":"https:\/\/nubedian.de\/en\/wp-json\/wp\/v2\/users\/12"}],"version-history":[{"count":3,"href":"https:\/\/nubedian.de\/en\/wp-json\/wp\/v2\/tribe_events\/82577\/revisions"}],"predecessor-version":[{"id":82591,"href":"https:\/\/nubedian.de\/en\/wp-json\/wp\/v2\/tribe_events\/82577\/revisions\/82591"}],"wp:featuredmedia":[{"embeddable":true,"href":"https:\/\/nubedian.de\/en\/wp-json\/wp\/v2\/media\/72911"}],"wp:attachment":[{"href":"https:\/\/nubedian.de\/en\/wp-json\/wp\/v2\/media?parent=82577"}],"wp:term":[{"taxonomy":"post_tag","embeddable":true,"href":"https:\/\/nubedian.de\/en\/wp-json\/wp\/v2\/tags?post=82577"},{"taxonomy":"tribe_events_cat","embeddable":true,"href":"https:\/\/nubedian.de\/en\/wp-json\/wp\/v2\/tribe_events_cat?post=82577"}],"curies":[{"name":"wp","href":"https:\/\/api.w.org\/{rel}","templated":true}]}}